{"id":12320,"date":"2023-12-08T11:57:35","date_gmt":"2023-12-08T10:57:35","guid":{"rendered":"https:\/\/www.virtenio.com\/?post_type=avada_portfolio&#038;p=12320"},"modified":"2023-12-08T12:16:08","modified_gmt":"2023-12-08T11:16:08","slug":"gefahr-in-der-kueche-richtig-lueften-beim-gaskochen","status":"publish","type":"avada_portfolio","link":"https:\/\/www.virtenio.com\/de\/portfolio-items\/gefahr-in-der-kueche-richtig-lueften-beim-gaskochen\/","title":{"rendered":"Gefahr in der K\u00fcche: Richtig l\u00fcften beim Gaskochen!"},"content":{"rendered":"<p><div class=\"fusion-fullwidth fullwidth-box fusion-builder-row-1 fusion-flex-container has-pattern-background has-mask-background fusion-parallax-none nonhundred-percent-fullwidth non-hundred-percent-height-scrolling lazyload\" style=\"--awb-border-radius-top-left:0px;--awb-border-radius-top-right:0px;--awb-border-radius-bottom-right:0px;--awb-border-radius-bottom-left:0px;--awb-padding-top:300px;--awb-padding-bottom:200px;--awb-background-size:cover;--awb-flex-wrap:wrap;\" data-bg=\"https:\/\/www.virtenio.com\/wp-content\/uploads\/2023\/12\/Kochen-mit-Gasherd-2-1024x460-1.png\" ><div class=\"fusion-builder-row fusion-row fusion-flex-align-items-flex-start fusion-flex-content-wrap\" style=\"max-width:1248px;margin-left: calc(-4% \/ 2 );margin-right: calc(-4% \/ 2 );\"><div class=\"fusion-layout-column fusion_builder_column fusion-builder-column-0 fusion_builder_column_1_1 1_1 fusion-flex-column\" style=\"--awb-bg-size:cover;--awb-width-large:100%;--awb-margin-top-large:0px;--awb-spacing-right-large:1.92%;--awb-margin-bottom-large:40px;--awb-spacing-left-large:1.92%;--awb-width-medium:100%;--awb-order-medium:0;--awb-spacing-right-medium:1.92%;--awb-spacing-left-medium:1.92%;--awb-width-small:100%;--awb-order-small:0;--awb-spacing-right-small:1.92%;--awb-spacing-left-small:1.92%;\"><div class=\"fusion-column-wrapper fusion-column-has-shadow fusion-flex-justify-content-flex-start fusion-content-layout-column\"><\/div><\/div><\/div><\/div><div class=\"fusion-fullwidth fullwidth-box fusion-builder-row-2 fusion-flex-container has-pattern-background has-mask-background nonhundred-percent-fullwidth non-hundred-percent-height-scrolling\" style=\"--awb-border-radius-top-left:0px;--awb-border-radius-top-right:0px;--awb-border-radius-bottom-right:0px;--awb-border-radius-bottom-left:0px;--awb-padding-top:50px;--awb-padding-bottom:0px;--awb-margin-bottom:0px;--awb-flex-wrap:wrap;\" ><div class=\"fusion-builder-row fusion-row fusion-flex-align-items-flex-start fusion-flex-content-wrap\" style=\"max-width:1248px;margin-left: calc(-4% \/ 2 );margin-right: calc(-4% \/ 2 );\"><div class=\"fusion-layout-column fusion_builder_column fusion-builder-column-1 fusion_builder_column_1_1 1_1 fusion-flex-column\" style=\"--awb-bg-size:cover;--awb-width-large:100%;--awb-margin-top-large:0px;--awb-spacing-right-large:1.92%;--awb-margin-bottom-large:40px;--awb-spacing-left-large:1.92%;--awb-width-medium:100%;--awb-order-medium:0;--awb-spacing-right-medium:1.92%;--awb-spacing-left-medium:1.92%;--awb-width-small:100%;--awb-order-small:0;--awb-spacing-right-small:1.92%;--awb-spacing-left-small:1.92%;\"><div class=\"fusion-column-wrapper fusion-column-has-shadow fusion-flex-justify-content-flex-start fusion-content-layout-column\"><div class=\"fusion-title title fusion-title-1 fusion-sep-none fusion-title-text fusion-title-size-one\"><h1 class=\"fusion-title-heading title-heading-left fusion-responsive-typography-calculated\" style=\"margin:0;--fontSize:30;line-height:1.3;\"><h2 data-fontsize=\"30\" data-lineheight=\"39px\">Gefahr in der K\u00fcche: Richtig l\u00fcften beim Gaskochen!<\/h2><\/h1><\/div><div class=\"fusion-text fusion-text-1\"><\/div><div class=\"fusion-separator\" style=\"align-self: flex-start;margin-right:auto;width:100%;max-width:100px;\"><div class=\"fusion-separator-border sep-single sep-solid\" style=\"--awb-height:20px;--awb-amount:20px;--awb-sep-color:var(--awb-custom10);border-color:var(--awb-custom10);border-top-width:4px;\"><\/div><\/div>\n<\/div><\/div><\/div><\/div><div class=\"fusion-fullwidth fullwidth-box fusion-builder-row-3 fusion-flex-container has-pattern-background has-mask-background nonhundred-percent-fullwidth non-hundred-percent-height-scrolling wissenswertes\" style=\"--awb-border-radius-top-left:0px;--awb-border-radius-top-right:0px;--awb-border-radius-bottom-right:0px;--awb-border-radius-bottom-left:0px;--awb-flex-wrap:wrap;\" ><div class=\"fusion-builder-row fusion-row fusion-flex-align-items-flex-start fusion-flex-content-wrap\" style=\"max-width:1248px;margin-left: calc(-4% \/ 2 );margin-right: calc(-4% \/ 2 );\"><div class=\"fusion-layout-column fusion_builder_column fusion-builder-column-2 fusion_builder_column_2_3 2_3 fusion-flex-column wissenswertes\" style=\"--awb-bg-size:cover;--awb-width-large:66.666666666667%;--awb-margin-top-large:0px;--awb-spacing-right-large:2.88%;--awb-margin-bottom-large:40px;--awb-spacing-left-large:2.88%;--awb-width-medium:100%;--awb-order-medium:0;--awb-spacing-right-medium:1.92%;--awb-spacing-left-medium:1.92%;--awb-width-small:100%;--awb-order-small:0;--awb-spacing-right-small:1.92%;--awb-spacing-left-small:1.92%;\" data-scroll-devices=\"small-visibility,medium-visibility,large-visibility\"><div class=\"fusion-column-wrapper fusion-column-has-shadow fusion-flex-justify-content-flex-start fusion-content-layout-column\"><div class=\"fusion-text fusion-text-2\"><h3>Einf\u00fchrung<\/h3>\n<p>In der Welt der K\u00fcche gilt der Gasherd oft als Inbegriff des traditionellen Kochens. Die sofortige Hitzeanpassung und die pr\u00e4zise Temperaturkontrolle machen ihn zum Liebling vieler K\u00f6che und Backbegeisterten. Doch w\u00e4hrend wir uns an den kulinarischen Kreationen erfreuen, die auf diesen Flammen entstehen, d\u00fcrfen wir einen wichtigen Aspekt des Wohnkomforts nicht \u00fcbersehen: die Qualit\u00e4t der Raumluft.<\/p>\n<p>In diesen Artikel erfahren Sie, wie Sie den Gasherd nutzen k\u00f6nnen, ohne Kompromisse bei der Luftqualit\u00e4t in Ihrer K\u00fcche eingehen zu m\u00fcssen. Entdecken Sie, wie moderne L\u00f6sungen Ihnen helfen k\u00f6nnen, ein ausgewogenes und gesundes Raumklima zu schaffen, w\u00e4hrend Sie Ihre kulinarischen F\u00e4higkeiten entfalten.<\/p>\n<h3>Problemstellung<\/h3>\n<p>Beim Kochen und Backen mit Gas entstehen neben den k\u00f6stlichen Aromen auch Feuchtigkeit und Verbrennungsprodukte wie Kohlenmonoxid und Kohlendioxid.<\/p>\n<\/div><div class=\"fusion-content-boxes content-boxes columns row fusion-columns-2 fusion-columns-total-2 fusion-content-boxes-1 content-boxes-clean-horizontal content-left content-boxes-icon-on-side\" style=\"--awb-border-radius-top-left:0px;--awb-border-radius-top-right:0px;--awb-border-radius-bottom-right:0px;--awb-border-radius-bottom-left:0px;--awb-item-margin-top:0px;--awb-item-margin-bottom:0px;--awb-margin-top:-35px;--awb-margin-bottom:-35px;--awb-hover-accent-color:#016eb1;--awb-circle-hover-accent-color:#016eb1;\" data-animationOffset=\"top-into-view\"><div style=\"--awb-backgroundcolor:transparent;border-color:rgba(255,255,255,0);\" class=\"fusion-column content-box-column content-box-column content-box-column-1 col-lg-6 col-md-6 col-sm-6 fusion-content-box-hover content-box-column-first-in-row\"><div class=\"col content-box-wrapper content-wrapper link-area-box icon-hover-animation-pulsate\" data-animationOffset=\"top-into-view\"><div class=\"heading icon-left\"><h4 class=\"content-box-heading fusion-responsive-typography-calculated\" style=\"--h4_typography-font-size:16px;--fontSize:16;line-height:1.3;\">Kohlenmonoxid (CO) bei Gasherden<\/h4><\/div><div class=\"fusion-clearfix\"><\/div><div class=\"content-container\">\n<p>In korrekt gewarteten und installierten Gasherden sollte die CO-Produktion minimal und das Risiko relativ gering sein, da die Verbrennung in der Regel nahezu vollst\u00e4ndig erfolgt.<\/p>\n<\/div><\/div><\/div><div style=\"--awb-backgroundcolor:transparent;border-color:rgba(255,255,255,0);\" class=\"fusion-column content-box-column content-box-column content-box-column-2 col-lg-6 col-md-6 col-sm-6 fusion-content-box-hover content-box-column-last content-box-column-last-in-row\"><div class=\"col content-box-wrapper content-wrapper link-area-box icon-hover-animation-pulsate\" data-animationOffset=\"top-into-view\"><div class=\"heading icon-left\"><h4 class=\"content-box-heading fusion-responsive-typography-calculated\" style=\"--h4_typography-font-size:16px;--fontSize:16;line-height:1.3;\">Kohlendioxid (CO2) bei Gasherden<\/h4><\/div><div class=\"fusion-clearfix\"><\/div><div class=\"content-container\">\n<p>CO2 ist ein Nebenprodukt der vollst\u00e4ndigen Verbrennung von Erdgas. In h\u00f6heren Konzentrationen kann es eine Gesundheitsgefahr darstellen.<\/p>\n<\/div><\/div><\/div><div class=\"fusion-clearfix\"><\/div><\/div><div class=\"fusion-text fusion-text-3\"><p>Insbesondere in geschlossenen R\u00e4umen oder in der kalten Jahreszeit, wenn die Fenster selten ge\u00f6ffnet werden, kann die CO2 Konzentration in der K\u00fcche zu einer Herausforderung f\u00fcr das Raumklima werden. Eine zu hohe Konzentration in der Luft kann nicht nur das Wohlbefinden beeintr\u00e4chtigen, sondern auch gesundheitliche Risiken bergen. Dies wird besonders im Winter herausfordernd, wenn ein dauerhaftes oder zu h\u00e4ufiges L\u00fcften zu unerw\u00fcnschten Temperaturverlusten f\u00fchrt.<\/p>\n<\/div><div class=\"fusion-builder-row fusion-builder-row-inner fusion-row fusion-flex-align-items-flex-start fusion-flex-content-wrap\" style=\"width:104% !important;max-width:104% !important;margin-left: calc(-4% \/ 2 );margin-right: calc(-4% \/ 2 );\"><div class=\"fusion-layout-column fusion_builder_column_inner fusion-builder-nested-column-0 fusion_builder_column_inner_2_3 2_3 fusion-flex-column\" style=\"--awb-bg-size:cover;--awb-width-large:66.666666666667%;--awb-margin-top-large:0px;--awb-spacing-right-large:2.88%;--awb-margin-bottom-large:40px;--awb-spacing-left-large:2.88%;--awb-width-medium:100%;--awb-order-medium:0;--awb-spacing-right-medium:1.92%;--awb-spacing-left-medium:1.92%;--awb-width-small:100%;--awb-order-small:0;--awb-spacing-right-small:1.92%;--awb-spacing-left-small:1.92%;\"><div class=\"fusion-column-wrapper fusion-column-has-shadow fusion-flex-justify-content-flex-start fusion-content-layout-column\"><div class=\"fusion-image-element \" style=\"--awb-caption-title-font-family:var(--h2_typography-font-family);--awb-caption-title-font-weight:var(--h2_typography-font-weight);--awb-caption-title-font-style:var(--h2_typography-font-style);--awb-caption-title-size:var(--h2_typography-font-size);--awb-caption-title-transform:var(--h2_typography-text-transform);--awb-caption-title-line-height:var(--h2_typography-line-height);--awb-caption-title-letter-spacing:var(--h2_typography-letter-spacing);\"><span class=\" fusion-imageframe imageframe-none imageframe-1 hover-type-none\"><img decoding=\"async\" width=\"910\" height=\"562\" title=\"Graph_Kochen_Gasherd\" src=\"https:\/\/www.virtenio.com\/wp-content\/uploads\/2023\/12\/Graph_Kochen_Gasherd.png\" data-orig-src=\"https:\/\/www.virtenio.com\/wp-content\/uploads\/2023\/12\/Graph_Kochen_Gasherd.png\" alt class=\"lazyload img-responsive wp-image-12372\" srcset=\"data:image\/svg+xml,%3Csvg%20xmlns%3D%27http%3A%2F%2Fwww.w3.org%2F2000%2Fsvg%27%20width%3D%27910%27%20height%3D%27562%27%20viewBox%3D%270%200%20910%20562%27%3E%3Crect%20width%3D%27910%27%20height%3D%27562%27%20fill-opacity%3D%220%22%2F%3E%3C%2Fsvg%3E\" data-srcset=\"https:\/\/www.virtenio.com\/wp-content\/uploads\/2023\/12\/Graph_Kochen_Gasherd-200x124.png 200w, https:\/\/www.virtenio.com\/wp-content\/uploads\/2023\/12\/Graph_Kochen_Gasherd-400x247.png 400w, https:\/\/www.virtenio.com\/wp-content\/uploads\/2023\/12\/Graph_Kochen_Gasherd-600x371.png 600w, https:\/\/www.virtenio.com\/wp-content\/uploads\/2023\/12\/Graph_Kochen_Gasherd-800x494.png 800w, https:\/\/www.virtenio.com\/wp-content\/uploads\/2023\/12\/Graph_Kochen_Gasherd.png 910w\" data-sizes=\"auto\" data-orig-sizes=\"(max-width: 1100px) 100vw, (max-width: 640px) 100vw, 800px\" \/><\/span><\/div><\/div><\/div><div class=\"fusion-layout-column fusion_builder_column_inner fusion-builder-nested-column-1 fusion_builder_column_inner_1_3 1_3 fusion-flex-column\" style=\"--awb-bg-size:cover;--awb-width-large:33.333333333333%;--awb-margin-top-large:0px;--awb-spacing-right-large:5.76%;--awb-margin-bottom-large:40px;--awb-spacing-left-large:5.76%;--awb-width-medium:100%;--awb-order-medium:0;--awb-spacing-right-medium:1.92%;--awb-spacing-left-medium:1.92%;--awb-width-small:100%;--awb-order-small:0;--awb-spacing-right-small:1.92%;--awb-spacing-left-small:1.92%;\" data-scroll-devices=\"small-visibility,medium-visibility,large-visibility\"><div class=\"fusion-column-wrapper fusion-column-has-shadow fusion-flex-justify-content-flex-start fusion-content-layout-column\"><div class=\"fusion-text fusion-text-4\"><p><strong>Beschreibung zum Graphen:<\/strong><em><br \/>\nNach kurzem L\u00fcften (A) wird der Backofen des Gasherds in der 12qm K\u00fcche (B) eingeschaltet. Innerhalb von etwas mehr als 60 Minuten Betrieb bei geschlossener T\u00fcr und Fenster steigt durch die Verbrennung der CO2-Gehalt auf 9.000 ppm und die Luftfeuchtigkeit auf \u00fcber 75%. Das Fenster wird zur Bel\u00fcftung ganz ge\u00f6ffnet (C).<br \/>\n<\/em><\/p>\n<\/div><\/div><\/div><\/div><div class=\"fusion-text fusion-text-5\"><h3>Ursache<\/h3>\n<p>Wenn wir an unserem Gasherd kochen, betreten wir unbewusst das Terrain einer chemischen Reaktion. Jede Flamme, die das Gas entz\u00fcndet, verbraucht Sauerstoff und setzt Kohlendioxid (CO2) frei. Diese Freisetzung ist vergleichbar mit einem unsichtbaren Fluss von CO2, der sich in der K\u00fcche ausbreitet. Um die Dimensionen zu verdeutlichen: Bei einer durchschnittlichen Gasflamme kann die CO2-Konzentration in einem geschlossenen Raum innerhalb einer sehr kurzen auf \u00fcber 2.000 ppm (Parts per Million) ansteigen, ein Wert, der weit \u00fcber dem idealen Durchschnitt von etwa 400-500 ppm in Innenr\u00e4umen liegt. Das bedeutet, dass sich die Luftqualit\u00e4t in der K\u00fcche w\u00e4hrend eines Kochvorgangs rapide verschlechtert, \u00e4hnlich wie ein langsam ansteigender Fluss, der schlie\u00dflich \u00fcber seine Ufer tritt und eine Flut verursacht.<\/p>\n<h3>Konsequenzen falscher L\u00fcftung<\/h3>\n<p>Die Konsequenzen beim Kochen mit einem Gasherd bei unzureichender Bel\u00fcftung des Raumes sind weitreichender, als viele annehmen. Der Verbrennungsprozess bei Gasflammen ist komplex und f\u00fchrt neben CO2 auch zur Freisetzung von Feuchtigkeit und potenziell gef\u00e4hrlichen Verbrennungsprodukten wie Kohlenmonoxid. Eine erh\u00f6hte CO2-Konzentration in der K\u00fcche kann sich unmittelbar auf unser Wohlbefinden auswirken. Symptome wie Kopfschmerzen, Schwindel und Ersch\u00f6pfung sind h\u00e4ufig die ersten Anzeichen daf\u00fcr, dass die Luftqualit\u00e4t nicht optimal ist. Langfristige Exposition gegen\u00fcber sehr hohen CO2-Werten kann zudem das Risiko f\u00fcr ernstere Gesundheitsprobleme erh\u00f6hen.<\/p>\n<p>Das intuitive \u00d6ffnen der Fenster zum L\u00fcften reicht oft nicht aus und erfolgt zu sp\u00e4t, um diese Risiken effektiv zu managen. Vor allem im Winter kann dies zu unerw\u00fcnschtem W\u00e4rmeverlust f\u00fchren, w\u00e4hrend die Schadstoffe m\u00f6glicherweise nicht ausreichend abgef\u00fchrt werden. Dies unterstreicht die Notwendigkeit einer gezielten und bewussten L\u00fcftungsstrategie, um ein sicheres und gesundes Raumklima zu gew\u00e4hrleisten.<\/p>\n<h3>Hilfe durch Assistenzsystem<\/h3>\n<p>Die L\u00f6sung f\u00fcr diese vielschichtige Herausforderung bietet ein intelligentes Assistenzsystem, das auch speziell f\u00fcr solche Anwendungsf\u00e4lle eingesetzt werden kann. Im Mittelpunkt steht dabei die \u00dcberwachung der CO2-Konzentration, die beim Kochen am Gasherd besonders kritisch ist. Mit dem Assistenzsystem werden Sie bereits bei 1000 ppm optisch durch die gelbe Ampelfarbe gewarnt worden, dass ein L\u00fcften empfohlen wird. Je nach Aktivierung erfolgt eine zus\u00e4tzliche Warnung bei 3.500 ppm durch einen akustischer Signalton f\u00fcr sehr hohe CO2-Konzentrationen. Unter Beachtung der Handlungsempfehlungen des Assistenzsystem w\u00e4re es, wie in diesem Fall dargestellt, nicht zum Erreichen der 9.000 ppm gekommen, wenn die Ma\u00dfnahme des L\u00fcftens rechtzeitig durchgef\u00fchrt worden w\u00e4re.<\/p>\n<p>Doch das System geht \u00fcber die Betrachtung nur der CO2-Konzentration hinaus und bietet eine umfassende Betrachtung der Raumluftqualit\u00e4t.<\/p>\n<p>Nach dem Kochprozess setzt das Assistenzsystem seine \u00dcberwachung fort, indem es immer auch die Luftfeuchtigkeit evaluiert, um das Risiko einer Schimmelbildung zu senken. Gerade in der Zeit nach dem Kochen kann die erh\u00f6hte Feuchtigkeit, die durch den Kochvorgang entstanden ist, zu einem Problem werden. Hier greift das System ein und empfiehlt auch L\u00fcftungsma\u00dfnahmen, die den Feuchtigkeitsgrad wieder in ein moderates Ma\u00df bringen, auch wenn die CO2-Konzentration bereits ausgereicht gesenkt wurde.<\/p>\n<p>Bei sehr kalten Au\u00dfentemperaturen bietet das Assistenzsystem eine weitere n\u00fctzliche Funktion: das assistierte Sto\u00dfl\u00fcften w\u00e4hrend des Kochprozesses. Dies wird empfohlen, um die CO2-Werte effektiv zu senken, w\u00e4hrend gleichzeitig die Temperaturverluste im Innenraum so gering wie m\u00f6glich gehalten werden. Das System kann genau bestimmen, wann und wie lange gel\u00fcftet werden sollte, um optimale Bedingungen zu gew\u00e4hrleisten.<\/p>\n<h3>Fazit<\/h3>\n<p>Die &#8222;PreonCube HLK Ampel&#8220; bietet somit eine umfassende L\u00f6sung zur Bew\u00e4ltigung der Herausforderungen, die das Kochen am Gasherd mit sich bringt. Dieses Assistenzsystem erweist sich als n\u00fctzlich, um hohen Mengen an CO2-Gasen, die w\u00e4hrend des Kochprozesses entstehen, effektiv durch Handlungsempfehlungen zum L\u00fcften entgegenzuwirken. Gleichzeitig beh\u00e4lt es den Feuchtigkeitsgrad im Auge, um die Risiken von Schimmelbildung und anderen Feuchtigkeitsproblemen zu minimieren. Dar\u00fcber hinaus hilft es, Temperaturverluste zu kontrollieren, indem es gezielte L\u00fcftungsentscheidungen w\u00e4hrend und nach dem Kochvorgang erm\u00f6glicht. Mit der PreonCube HLK Ampel k\u00f6nnen Benutzer die Vorteile des Gasherds voll aussch\u00f6pfen, w\u00e4hrend sie gleichzeitig ein gesundes und ausgewogenes Raumklima aufrechterhalten, ohne Kompromisse bei der Luftqualit\u00e4t eingehen zu m\u00fcssen.<\/p>\n<\/div><div class=\"fusion-builder-row fusion-builder-row-inner fusion-row fusion-flex-align-items-flex-start fusion-flex-content-wrap\" style=\"width:104% !important;max-width:104% !important;margin-left: calc(-4% \/ 2 );margin-right: calc(-4% \/ 2 );\"><div class=\"fusion-layout-column fusion_builder_column_inner fusion-builder-nested-column-2 fusion_builder_column_inner_1_1 1_1 fusion-flex-column\" style=\"--awb-bg-size:cover;--awb-width-large:100%;--awb-margin-top-large:0px;--awb-spacing-right-large:1.92%;--awb-margin-bottom-large:40px;--awb-spacing-left-large:1.92%;--awb-width-medium:100%;--awb-order-medium:0;--awb-spacing-right-medium:1.92%;--awb-spacing-left-medium:1.92%;--awb-width-small:100%;--awb-order-small:0;--awb-spacing-right-small:1.92%;--awb-spacing-left-small:1.92%;\"><div class=\"fusion-column-wrapper fusion-column-has-shadow fusion-flex-justify-content-flex-start fusion-content-layout-column\"><div class=\"fusion-separator fusion-full-width-sep\" style=\"align-self: center;margin-left: auto;margin-right: auto;margin-top:50px;width:100%;\"><\/div><script charset=\"utf-8\" type=\"text\/javascript\" src=\"\/\/js-eu1.hsforms.net\/forms\/embed\/v2.js\"><\/script>\n<script>\n  hbspt.forms.create({\n    region: \"eu1\",\n    portalId: \"25585353\",\n    formId: \"6a690e0c-6a85-4697-b1de-b9e6b1761641\"\n  });\n<\/script><\/div><\/div><\/div>\n<\/div><\/div><div class=\"fusion-layout-column fusion_builder_column fusion-builder-column-3 awb-sticky awb-sticky-small awb-sticky-medium awb-sticky-large fusion_builder_column_1_3 1_3 fusion-flex-column\" style=\"--awb-bg-size:cover;--awb-width-large:33.333333333333%;--awb-margin-top-large:0px;--awb-spacing-right-large:5.76%;--awb-margin-bottom-large:40px;--awb-spacing-left-large:5.76%;--awb-width-medium:100%;--awb-order-medium:0;--awb-spacing-right-medium:1.92%;--awb-spacing-left-medium:1.92%;--awb-width-small:100%;--awb-order-small:0;--awb-spacing-right-small:1.92%;--awb-spacing-left-small:1.92%;--awb-sticky-offset:120px;\" data-scroll-devices=\"small-visibility,medium-visibility,large-visibility\"><div class=\"fusion-column-wrapper fusion-column-has-shadow fusion-flex-justify-content-center fusion-content-layout-column\"><div class=\"fusion-image-element \" style=\"text-align:center;--awb-max-width:250px;--awb-caption-title-font-family:var(--h2_typography-font-family);--awb-caption-title-font-weight:var(--h2_typography-font-weight);--awb-caption-title-font-style:var(--h2_typography-font-style);--awb-caption-title-size:var(--h2_typography-font-size);--awb-caption-title-transform:var(--h2_typography-text-transform);--awb-caption-title-line-height:var(--h2_typography-line-height);--awb-caption-title-letter-spacing:var(--h2_typography-letter-spacing);\"><span class=\" fusion-imageframe imageframe-none imageframe-2 hover-type-none\"><img decoding=\"async\" width=\"400\" height=\"729\" alt=\"PreonCube HLK Ampel inklusive App\" title=\"PreonCube HLK Ampel inklusive App\" src=\"https:\/\/www.virtenio.com\/wp-content\/uploads\/2023\/06\/PreonCube-HLK-Ampel-inkl.-App-SQ.png\" data-orig-src=\"https:\/\/www.virtenio.com\/wp-content\/uploads\/2023\/06\/PreonCube-HLK-Ampel-inkl.-App-SQ.png\" class=\"lazyload img-responsive wp-image-9703\" srcset=\"data:image\/svg+xml,%3Csvg%20xmlns%3D%27http%3A%2F%2Fwww.w3.org%2F2000%2Fsvg%27%20width%3D%27400%27%20height%3D%27729%27%20viewBox%3D%270%200%20400%20729%27%3E%3Crect%20width%3D%27400%27%20height%3D%27729%27%20fill-opacity%3D%220%22%2F%3E%3C%2Fsvg%3E\" data-srcset=\"https:\/\/www.virtenio.com\/wp-content\/uploads\/2023\/06\/PreonCube-HLK-Ampel-inkl.-App-SQ-200x365.png 200w, https:\/\/www.virtenio.com\/wp-content\/uploads\/2023\/06\/PreonCube-HLK-Ampel-inkl.-App-SQ.png 400w\" data-sizes=\"auto\" data-orig-sizes=\"(max-width: 1100px) 100vw, (max-width: 640px) 100vw, 400px\" \/><\/span><\/div><div class=\"fusion-separator fusion-full-width-sep\" style=\"align-self: center;margin-left: auto;margin-right: auto;margin-bottom:20px;width:100%;\"><\/div><div class=\"fusion-image-element \" style=\"text-align:center;--awb-max-width:160px;--awb-caption-title-font-family:var(--h2_typography-font-family);--awb-caption-title-font-weight:var(--h2_typography-font-weight);--awb-caption-title-font-style:var(--h2_typography-font-style);--awb-caption-title-size:var(--h2_typography-font-size);--awb-caption-title-transform:var(--h2_typography-text-transform);--awb-caption-title-line-height:var(--h2_typography-line-height);--awb-caption-title-letter-spacing:var(--h2_typography-letter-spacing);\"><span class=\" fusion-imageframe imageframe-none imageframe-3 hover-type-none\"><img decoding=\"async\" width=\"175\" height=\"38\" alt=\"PreonCube HLK Ampel\" title=\"PreonCube HLK Ampel\" src=\"data:image\/svg+xml,%3Csvg%20xmlns%3D%27http%3A%2F%2Fwww.w3.org%2F2000%2Fsvg%27%20width%3D%27175%27%20height%3D%2738%27%20viewBox%3D%270%200%20175%2038%27%3E%3Crect%20width%3D%27175%27%20height%3D%2738%27%20fill-opacity%3D%220%22%2F%3E%3C%2Fsvg%3E\" data-orig-src=\"https:\/\/www.virtenio.com\/wp-content\/uploads\/2022\/09\/PreonCube-HLK-Ampel-transparent-lq.png\" class=\"lazyload img-responsive wp-image-9286\"\/><\/span><\/div><div class=\"fusion-separator fusion-full-width-sep\" style=\"align-self: center;margin-left: auto;margin-right: auto;margin-bottom:30px;width:100%;\"><\/div><div class=\"fusion-text fusion-text-6\" style=\"--awb-content-alignment:center;--awb-text-color:#000000;\"><p>Sie besitzen noch keine Ampel,<br \/>\nhaben aber Interesse am Produkt?<\/p>\n<\/div><div style=\"text-align:center;\"><a class=\"fusion-button button-flat fusion-button-default-size button-custom fusion-button-default button-1 fusion-button-default-span fusion-button-default-type\" style=\"--button_accent_color:#ffffff;--button_accent_hover_color:#ffffff;--button_border_hover_color:#ffffff;--button_gradient_top_color:#8bc34a;--button_gradient_bottom_color:#8bc34a;--button_gradient_top_color_hover:#afd38d;--button_gradient_bottom_color_hover:#afd38d;\" target=\"_self\" href=\"https:\/\/www.virtenio.com\/de\/portfolio-items\/hlk-ampel\/\"><span class=\"fusion-button-text awb-button__text awb-button__text--default\">zur Produktseite<\/span><\/a><\/div><\/div><\/div>\n<\/div><\/div><div class=\"fusion-fullwidth fullwidth-box fusion-builder-row-4 fusion-flex-container has-pattern-background has-mask-background nonhundred-percent-fullwidth non-hundred-percent-height-scrolling\" style=\"--awb-border-radius-top-left:0px;--awb-border-radius-top-right:0px;--awb-border-radius-bottom-right:0px;--awb-border-radius-bottom-left:0px;--awb-flex-wrap:wrap;\" ><div class=\"fusion-builder-row fusion-row fusion-flex-align-items-flex-start fusion-flex-content-wrap\" style=\"max-width:1248px;margin-left: calc(-4% \/ 2 );margin-right: calc(-4% \/ 2 );\"><div class=\"fusion-layout-column fusion_builder_column fusion-builder-column-4 fusion_builder_column_1_1 1_1 fusion-flex-column\" style=\"--awb-bg-size:cover;--awb-width-large:100%;--awb-margin-top-large:0px;--awb-spacing-right-large:1.92%;--awb-margin-bottom-large:40px;--awb-spacing-left-large:1.92%;--awb-width-medium:100%;--awb-order-medium:0;--awb-spacing-right-medium:1.92%;--awb-spacing-left-medium:1.92%;--awb-width-small:100%;--awb-order-small:0;--awb-spacing-right-small:1.92%;--awb-spacing-left-small:1.92%;\"><div class=\"fusion-column-wrapper fusion-column-has-shadow fusion-flex-justify-content-flex-start fusion-content-layout-column\"><div class=\"fusion-text fusion-text-7 fusion-text-no-margin\" style=\"--awb-margin-top:25px;--awb-margin-bottom:25px;\"><\/div><div class=\"fusion-separator\" style=\"align-self: flex-start;margin-right:auto;width:100%;max-width:100px;\"><div class=\"fusion-separator-border sep-single sep-solid\" style=\"--awb-height:20px;--awb-amount:20px;--awb-sep-color:var(--awb-custom10);border-color:var(--awb-custom10);border-top-width:4px;\"><\/div><\/div>\n<div class=\"fusion-text fusion-text-8\" style=\"--awb-margin-top:25px;\"><h3 class=\"fusion-title-heading title-heading-center fusion-live-editable fusion-responsive-typography-calculated medium-editor-element\" role=\"textbox\" contenteditable=\"true\" spellcheck=\"true\" data-inline-parent-cid=\"97\" data-inline-override-color=\"text_color\" data-inline-override-font-size=\"font_size\" data-inline-override-line-height=\"line_height\" data-inline-override-letter-spacing=\"letter_spacing\" data-inline-override-tag=\"size\" data-toolbar=\"full\" data-param=\"element_content\" data-fontsize=\"24\" data-lineheight=\"31.2px\" data-medium-editor-element=\"true\" aria-multiline=\"true\" data-medium-editor-editor-index=\"3\" data-placeholder=\"Your Content Goes Here\" data-medium-focused=\"true\">Das k\u00f6nnte Ihnen auch gefallen:<\/h3>\n<\/div><div class=\"fusion-recent-works fusion-portfolio-element fusion-portfolio fusion-portfolio-1 fusion-portfolio-carousel fusion-portfolio-paging-load-more-button recent-works-carousel portfolio-carousel picture-size-auto fusion-portfolio-rollover\" data-id=\"-rw-1\"><div class=\"awb-carousel awb-swiper awb-swiper-carousel fusion-carousel-title-below-image\" style=\"--awb-columns:3;\" data-metacontent=\"yes\" data-autoplay=\"no\" data-columns=\"3\" data-itemmargin=\"20\" data-itemwidth=\"180\" data-touchscroll=\"no\" data-imagesize=\"auto\"><div class=\"swiper-wrapper\"><div class=\"swiper-slide\"><div class=\"fusion-carousel-item-wrapper\"><span class=\"entry-title rich-snippet-hidden\">Sch\u00e4dliche Raumluft durch Adventskerzen<\/span><span class=\"vcard rich-snippet-hidden\"><span class=\"fn\"><a href=\"https:\/\/www.virtenio.com\/de\/blog\/author\/henrikretschmer\/\" title=\"Beitr\u00e4ge von h.k\" rel=\"author\">h.k<\/a><\/span><\/span><span class=\"updated rich-snippet-hidden\">2023-12-01T11:47:38+01:00<\/span><div  class=\"fusion-image-wrapper\" aria-haspopup=\"true\">\n\t\t\t\t<img decoding=\"async\" width=\"1024\" height=\"1024\" src=\"https:\/\/www.virtenio.com\/wp-content\/uploads\/2023\/11\/Adventszeit-im-Einklang-mit-gesunder-Raumluft.jpg\" class=\"attachment-full size-full lazyload wp-post-image\" alt=\"\" srcset=\"data:image\/svg+xml,%3Csvg%20xmlns%3D%27http%3A%2F%2Fwww.w3.org%2F2000%2Fsvg%27%20width%3D%271024%27%20height%3D%271024%27%20viewBox%3D%270%200%201024%201024%27%3E%3Crect%20width%3D%271024%27%20height%3D%271024%27%20fill-opacity%3D%220%22%2F%3E%3C%2Fsvg%3E\" data-orig-src=\"https:\/\/www.virtenio.com\/wp-content\/uploads\/2023\/11\/Adventszeit-im-Einklang-mit-gesunder-Raumluft.jpg\" data-srcset=\"https:\/\/www.virtenio.com\/wp-content\/uploads\/2023\/11\/Adventszeit-im-Einklang-mit-gesunder-Raumluft-200x200.jpg 200w, https:\/\/www.virtenio.com\/wp-content\/uploads\/2023\/11\/Adventszeit-im-Einklang-mit-gesunder-Raumluft-400x400.jpg 400w, https:\/\/www.virtenio.com\/wp-content\/uploads\/2023\/11\/Adventszeit-im-Einklang-mit-gesunder-Raumluft-600x600.jpg 600w, https:\/\/www.virtenio.com\/wp-content\/uploads\/2023\/11\/Adventszeit-im-Einklang-mit-gesunder-Raumluft-800x800.jpg 800w, https:\/\/www.virtenio.com\/wp-content\/uploads\/2023\/11\/Adventszeit-im-Einklang-mit-gesunder-Raumluft.jpg 1024w\" data-sizes=\"auto\" \/><div class=\"fusion-rollover\">\n\t<div class=\"fusion-rollover-content\">\n\n\t\t\t\t\t\t\t\t\t\t\t\t\t\t<a class=\"fusion-rollover-link\" href=\"https:\/\/www.virtenio.com\/de\/portfolio-items\/schaedliche-raumluft-durch-adventskerzen\/\">Sch\u00e4dliche Raumluft durch Adventskerzen<\/a>\n\t\t\t\n\t\t\t\t\t\t\t\t\t\t\t\t\t\t\n\t\t\t\t\t\t\t\t\n\t\t\t\t\t\t\t\t\t\t\t\t\t<div class=\"fusion-rollover-sep\"><\/div>\n\t\t\t\t\n\t\t\t\t\t\t\t\t\t\t\t\t\t\t\t\t\t\t<a class=\"fusion-rollover-gallery\" href=\"https:\/\/www.virtenio.com\/wp-content\/uploads\/2023\/11\/Adventszeit-im-Einklang-mit-gesunder-Raumluft.jpg\" data-options=\"\" data-id=\"12249\" data-rel=\"iLightbox[gallery-rw-1]\" data-title=\"Adventszeit im Einklang mit gesunder Raumluft\" data-caption=\"\">\n\t\t\t\t\t\tGallerie\t\t\t\t\t<\/a>\n\t\t\t\t\t\t\t\t\t\t\t\t\t\t\n\t\t\n\t\t\t\t\t\t\t\t\n\t\t\t\t\t\t\t\t\n\t\t\n\t\t\t\t\t\t<a class=\"fusion-link-wrapper\" href=\"https:\/\/www.virtenio.com\/de\/portfolio-items\/schaedliche-raumluft-durch-adventskerzen\/\" aria-label=\"Sch\u00e4dliche Raumluft durch Adventskerzen\"><\/a>\n\t<\/div>\n<\/div>\n<\/div>\n<h4 class=\"fusion-carousel-title\"><a href=\"https:\/\/www.virtenio.com\/de\/portfolio-items\/schaedliche-raumluft-durch-adventskerzen\/\" target=\"_self\">Sch\u00e4dliche Raumluft durch Adventskerzen<\/a><\/h4><div class=\"fusion-carousel-meta\"><a href=\"https:\/\/www.virtenio.com\/de\/portfolio-categories\/wissenswertes-zum-heizen-lueften-und-klima\/\" rel=\"tag\">Wissenswertes<\/a><\/div><\/div><\/div><div class=\"swiper-slide\"><div class=\"fusion-carousel-item-wrapper\"><span class=\"entry-title rich-snippet-hidden\">Arbeitsschutz durch optimales Raumklima<\/span><span class=\"vcard rich-snippet-hidden\"><span class=\"fn\"><a href=\"https:\/\/www.virtenio.com\/de\/blog\/author\/henrikretschmer\/\" title=\"Beitr\u00e4ge von h.k\" rel=\"author\">h.k<\/a><\/span><\/span><span class=\"updated rich-snippet-hidden\">2023-09-19T13:32:47+02:00<\/span><div  class=\"fusion-image-wrapper\" aria-haspopup=\"true\">\n\t\t\t\t<img decoding=\"async\" width=\"1024\" height=\"1024\" src=\"https:\/\/www.virtenio.com\/wp-content\/uploads\/2023\/08\/Room-climate-Safety-helmet-operational-health-and-safety-Realism-Blue-and-White-Companies-Employees.png\" class=\"attachment-full size-full lazyload wp-post-image\" alt=\"\" srcset=\"data:image\/svg+xml,%3Csvg%20xmlns%3D%27http%3A%2F%2Fwww.w3.org%2F2000%2Fsvg%27%20width%3D%271024%27%20height%3D%271024%27%20viewBox%3D%270%200%201024%201024%27%3E%3Crect%20width%3D%271024%27%20height%3D%271024%27%20fill-opacity%3D%220%22%2F%3E%3C%2Fsvg%3E\" data-orig-src=\"https:\/\/www.virtenio.com\/wp-content\/uploads\/2023\/08\/Room-climate-Safety-helmet-operational-health-and-safety-Realism-Blue-and-White-Companies-Employees.png\" data-srcset=\"https:\/\/www.virtenio.com\/wp-content\/uploads\/2023\/08\/Room-climate-Safety-helmet-operational-health-and-safety-Realism-Blue-and-White-Companies-Employees-200x200.png 200w, https:\/\/www.virtenio.com\/wp-content\/uploads\/2023\/08\/Room-climate-Safety-helmet-operational-health-and-safety-Realism-Blue-and-White-Companies-Employees-400x400.png 400w, https:\/\/www.virtenio.com\/wp-content\/uploads\/2023\/08\/Room-climate-Safety-helmet-operational-health-and-safety-Realism-Blue-and-White-Companies-Employees-600x600.png 600w, https:\/\/www.virtenio.com\/wp-content\/uploads\/2023\/08\/Room-climate-Safety-helmet-operational-health-and-safety-Realism-Blue-and-White-Companies-Employees-800x800.png 800w, https:\/\/www.virtenio.com\/wp-content\/uploads\/2023\/08\/Room-climate-Safety-helmet-operational-health-and-safety-Realism-Blue-and-White-Companies-Employees.png 1024w\" data-sizes=\"auto\" \/><div class=\"fusion-rollover\">\n\t<div class=\"fusion-rollover-content\">\n\n\t\t\t\t\t\t\t\t\t\t\t\t\t\t<a class=\"fusion-rollover-link\" href=\"https:\/\/www.virtenio.com\/de\/portfolio-items\/arbeitsschutz-durch-optimales-raumklima\/\">Arbeitsschutz durch optimales Raumklima<\/a>\n\t\t\t\n\t\t\t\t\t\t\t\t\t\t\t\t\t\t\n\t\t\t\t\t\t\t\t\n\t\t\t\t\t\t\t\t\t\t\t\t\t<div class=\"fusion-rollover-sep\"><\/div>\n\t\t\t\t\n\t\t\t\t\t\t\t\t\t\t\t\t\t\t\t\t\t\t<a class=\"fusion-rollover-gallery\" href=\"https:\/\/www.virtenio.com\/wp-content\/uploads\/2023\/08\/Room-climate-Safety-helmet-operational-health-and-safety-Realism-Blue-and-White-Companies-Employees.png\" data-options=\"\" data-id=\"10774\" data-rel=\"iLightbox[gallery-rw-1]\" data-title=\"Room climate, Safety helmet, operational health and safety , Realism, Blue and White, Companies, Employees.\" data-caption=\"\">\n\t\t\t\t\t\tGallerie\t\t\t\t\t<\/a>\n\t\t\t\t\t\t\t\t\t\t\t\t\t\t\n\t\t\n\t\t\t\t\t\t\t\t\n\t\t\t\t\t\t\t\t\n\t\t\n\t\t\t\t\t\t<a class=\"fusion-link-wrapper\" href=\"https:\/\/www.virtenio.com\/de\/portfolio-items\/arbeitsschutz-durch-optimales-raumklima\/\" aria-label=\"Arbeitsschutz durch optimales Raumklima\"><\/a>\n\t<\/div>\n<\/div>\n<\/div>\n<h4 class=\"fusion-carousel-title\"><a href=\"https:\/\/www.virtenio.com\/de\/portfolio-items\/arbeitsschutz-durch-optimales-raumklima\/\" target=\"_self\">Arbeitsschutz durch optimales Raumklima<\/a><\/h4><div class=\"fusion-carousel-meta\"><a href=\"https:\/\/www.virtenio.com\/de\/portfolio-categories\/wissenswertes-zum-heizen-lueften-und-klima\/\" rel=\"tag\">Wissenswertes<\/a><\/div><\/div><\/div><div class=\"swiper-slide\"><div class=\"fusion-carousel-item-wrapper\"><span class=\"entry-title rich-snippet-hidden\">Die Rolle der Qualit\u00e4tssensoren &#8211; Optimiertes Raumklima-Management mit der HLK Ampel<\/span><span class=\"vcard rich-snippet-hidden\"><span class=\"fn\"><a href=\"https:\/\/www.virtenio.com\/de\/blog\/author\/henrikretschmer\/\" title=\"Beitr\u00e4ge von h.k\" rel=\"author\">h.k<\/a><\/span><\/span><span class=\"updated rich-snippet-hidden\">2023-09-19T13:57:54+02:00<\/span><div  class=\"fusion-image-wrapper\" aria-haspopup=\"true\">\n\t\t\t\t<img decoding=\"async\" width=\"1024\" height=\"1024\" src=\"https:\/\/www.virtenio.com\/wp-content\/uploads\/2023\/08\/DALL\u00b7E-2023-08-11-10.17.28.png\" class=\"attachment-full size-full lazyload wp-post-image\" alt=\"\" srcset=\"data:image\/svg+xml,%3Csvg%20xmlns%3D%27http%3A%2F%2Fwww.w3.org%2F2000%2Fsvg%27%20width%3D%271024%27%20height%3D%271024%27%20viewBox%3D%270%200%201024%201024%27%3E%3Crect%20width%3D%271024%27%20height%3D%271024%27%20fill-opacity%3D%220%22%2F%3E%3C%2Fsvg%3E\" data-orig-src=\"https:\/\/www.virtenio.com\/wp-content\/uploads\/2023\/08\/DALL\u00b7E-2023-08-11-10.17.28.png\" data-srcset=\"https:\/\/www.virtenio.com\/wp-content\/uploads\/2023\/08\/DALL\u00b7E-2023-08-11-10.17.28-200x200.png 200w, https:\/\/www.virtenio.com\/wp-content\/uploads\/2023\/08\/DALL\u00b7E-2023-08-11-10.17.28-400x400.png 400w, https:\/\/www.virtenio.com\/wp-content\/uploads\/2023\/08\/DALL\u00b7E-2023-08-11-10.17.28-600x600.png 600w, https:\/\/www.virtenio.com\/wp-content\/uploads\/2023\/08\/DALL\u00b7E-2023-08-11-10.17.28-800x800.png 800w, https:\/\/www.virtenio.com\/wp-content\/uploads\/2023\/08\/DALL\u00b7E-2023-08-11-10.17.28.png 1024w\" data-sizes=\"auto\" \/><div class=\"fusion-rollover\">\n\t<div class=\"fusion-rollover-content\">\n\n\t\t\t\t\t\t\t\t\t\t\t\t\t\t<a class=\"fusion-rollover-link\" href=\"https:\/\/www.virtenio.com\/de\/portfolio-items\/die-rolle-der-qualitaetssensoren\/\">Die Rolle der Qualit\u00e4tssensoren &#8211; Optimiertes Raumklima-Management mit der HLK Ampel<\/a>\n\t\t\t\n\t\t\t\t\t\t\t\t\t\t\t\t\t\t\n\t\t\t\t\t\t\t\t\n\t\t\t\t\t\t\t\t\t\t\t\t\t<div class=\"fusion-rollover-sep\"><\/div>\n\t\t\t\t\n\t\t\t\t\t\t\t\t\t\t\t\t\t\t\t\t\t\t<a class=\"fusion-rollover-gallery\" href=\"https:\/\/www.virtenio.com\/wp-content\/uploads\/2023\/08\/DALL\u00b7E-2023-08-11-10.17.28.png\" data-options=\"\" data-id=\"10559\" data-rel=\"iLightbox[gallery-rw-1]\" data-title=\"DALL\u00b7E 2023-08-11 10.17.28\" data-caption=\"\">\n\t\t\t\t\t\tGallerie\t\t\t\t\t<\/a>\n\t\t\t\t\t\t\t\t\t\t\t\t\t\t\n\t\t\n\t\t\t\t\t\t\t\t\n\t\t\t\t\t\t\t\t\n\t\t\n\t\t\t\t\t\t<a class=\"fusion-link-wrapper\" href=\"https:\/\/www.virtenio.com\/de\/portfolio-items\/die-rolle-der-qualitaetssensoren\/\" aria-label=\"Die Rolle der Qualit\u00e4tssensoren &#8211; Optimiertes Raumklima-Management mit der HLK Ampel\"><\/a>\n\t<\/div>\n<\/div>\n<\/div>\n<h4 class=\"fusion-carousel-title\"><a href=\"https:\/\/www.virtenio.com\/de\/portfolio-items\/die-rolle-der-qualitaetssensoren\/\" target=\"_self\">Die Rolle der Qualit\u00e4tssensoren &#8211; Optimiertes Raumklima-Management mit der HLK Ampel<\/a><\/h4><div class=\"fusion-carousel-meta\"><a href=\"https:\/\/www.virtenio.com\/de\/portfolio-categories\/technisches\/\" rel=\"tag\">Technisches<\/a><\/div><\/div><\/div><\/div><div class=\"awb-swiper-button awb-swiper-button-prev\"><i class=\"awb-icon-angle-left\" aria-hidden=\"true\"><\/i><\/div><div class=\"awb-swiper-button awb-swiper-button-next\"><i class=\"awb-icon-angle-right\" aria-hidden=\"true\"><\/i><\/div><\/div><\/div><\/div><\/div><\/div><\/div><\/p>\n","protected":false},"excerpt":{"rendered":"","protected":false},"author":3,"featured_media":12316,"menu_order":0,"comment_status":"closed","ping_status":"closed","template":"","format":"standard","meta":{"footnotes":""},"portfolio_category":[125],"portfolio_skills":[],"portfolio_tags":[223,141,145,222,174,130,219,220,221,143],"class_list":["post-12320","avada_portfolio","type-avada_portfolio","status-publish","format-standard","has-post-thumbnail","hentry","portfolio_category-wissenswertes-zum-heizen-lueften-und-klima","portfolio_tags-bauschaeden","portfolio_tags-energieeffizienz","portfolio_tags-gesundheit","portfolio_tags-intelligente-heizsysteme","portfolio_tags-luftqualitaet","portfolio_tags-raumklima","portfolio_tags-richtiges-heizen","portfolio_tags-richtiges-lueften","portfolio_tags-schimmelbildung","portfolio_tags-wohlbefinden"],"_links":{"self":[{"href":"https:\/\/www.virtenio.com\/de\/wp-json\/wp\/v2\/avada_portfolio\/12320","targetHints":{"allow":["GET"]}}],"collection":[{"href":"https:\/\/www.virtenio.com\/de\/wp-json\/wp\/v2\/avada_portfolio"}],"about":[{"href":"https:\/\/www.virtenio.com\/de\/wp-json\/wp\/v2\/types\/avada_portfolio"}],"author":[{"embeddable":true,"href":"https:\/\/www.virtenio.com\/de\/wp-json\/wp\/v2\/users\/3"}],"replies":[{"embeddable":true,"href":"https:\/\/www.virtenio.com\/de\/wp-json\/wp\/v2\/comments?post=12320"}],"version-history":[{"count":33,"href":"https:\/\/www.virtenio.com\/de\/wp-json\/wp\/v2\/avada_portfolio\/12320\/revisions"}],"predecessor-version":[{"id":12324,"href":"https:\/\/www.virtenio.com\/de\/wp-json\/wp\/v2\/avada_portfolio\/12320\/revisions\/12324"}],"wp:featuredmedia":[{"embeddable":true,"href":"https:\/\/www.virtenio.com\/de\/wp-json\/wp\/v2\/media\/12316"}],"wp:attachment":[{"href":"https:\/\/www.virtenio.com\/de\/wp-json\/wp\/v2\/media?parent=12320"}],"wp:term":[{"taxonomy":"portfolio_category","embeddable":true,"href":"https:\/\/www.virtenio.com\/de\/wp-json\/wp\/v2\/portfolio_category?post=12320"},{"taxonomy":"portfolio_skills","embeddable":true,"href":"https:\/\/www.virtenio.com\/de\/wp-json\/wp\/v2\/portfolio_skills?post=12320"},{"taxonomy":"portfolio_tags","embeddable":true,"href":"https:\/\/www.virtenio.com\/de\/wp-json\/wp\/v2\/portfolio_tags?post=12320"}],"curies":[{"name":"wp","href":"https:\/\/api.w.org\/{rel}","templated":true}]}}